{"id":2,"date":"2015-11-26T09:58:20","date_gmt":"2015-11-26T08:58:20","guid":{"rendered":"http:\/\/www.charpente-pasquereau.fr\/fr\/?page_id=2"},"modified":"2026-04-20T10:22:39","modified_gmt":"2026-04-20T09:22:39","slug":"page-d-exemple","status":"publish","type":"page","link":"https:\/\/www.charpente-pasquereau.fr\/fr\/","title":{"rendered":"Accueil"},"content":{"rendered":"\n<figure itemscope itemtype=\"https:\/\/schema.org\/ImageObject\">\n\t\t\t\t<img decoding=\"async\" src=\"http:\/\/www.charpente-pasquereau.fr\/fr\/wp-content\/uploads\/2015\/11\/boisplanche.png\" alt=\"boisplanche\" title=\"boisplanche\" onerror=\"this.style.display='none'\" loading=\"lazy\" \/>\n\t<\/figure>\n\tDepuis plus de 60 ans, l&rsquo;entreprise Pasquereau, d\u00e9ploie ses savoir-faire dans les m\u00e9tiers de la menuiserie, de l&rsquo;\u00e9b\u00e9nisterie, de la charpente.<br \/>\nNous intervenons dans les secteurs de la restauration d&rsquo;\u00e9difices class\u00e9s monuments historique. Mais \u00e9galement dans\u00a0la construction, la r\u00e9novation et l&rsquo;am\u00e9nagement int\u00e9rieur de b\u00e2timents de styles.\u00a0Pour la construction ou la r\u00e9novation de votre habitation individuelle, vous pouvez faire confiance \u00e0 un professionnel reconnu du bois \u00e0 Maul\u00e9on et dans l&rsquo;Ouest de la France.\n\t<p><strong>D\u00e9couvrez ci-dessous l&rsquo;aftermovie de la soir\u00e9e des 60 ans de l&rsquo;entreprise Pasquereau !<\/strong><\/p>\n\t<iframe src=\"https:\/\/player.vimeo.com\/video\/1102925028?badge=0&#038;autopause=0&#038;player_id=0&#038;app_id=58479\n\" frameborder=\"0\" allow=\"autoplay; fullscreen; picture-in-picture; clipboard-write; encrypted-media; web-share\" referrerpolicy=\"strict-origin-when-cross-origin\" title=\"Charpentes Pasquereau - 60 ans d'histoire\"><\/iframe>\n\t<h2>NOUS RECRUTONS !<\/h2>\n\tDans le cadre du d\u00e9veloppement de l&rsquo;entreprise, nous recherchons un menuisier fabriquant poseur,<br \/>\nun BP menuisier en alternance et un alternant charpentier (CAP\/BP).\n<p>Les fiches de postes sont disponibles en cliquant sur le bouton ci-dessous.<\/p>\n\t\t\t<a href=\"http:\/\/www.charpente-pasquereau.fr\/fr\/nous-recrutons\"  target=\"_self\">\n\t\t\t\t\t\tCliquez pour d\u00e9couvrir nos offres d&#8217;emploi\n\t\t\t\t\t<\/a>\n\t<h2>Pour la construction ou la r\u00e9novation de votre habitation,\u00a0faites\u00a0confiance \u00e0 un professionnel reconnu\u00a0depuis 1964.<\/h2>\n<figure itemscope itemtype=\"https:\/\/schema.org\/ImageObject\">\n\t\t\t\t<img decoding=\"async\" src=\"http:\/\/www.charpente-pasquereau.fr\/fr\/wp-content\/uploads\/2015\/11\/charpente.png\" alt=\"charpente\" title=\"charpente\" onerror=\"this.style.display='none'\" loading=\"lazy\" \/>\n\t<\/figure>\n\t<p>L&rsquo;entreprise\u00a0Pasquereau vous apporte s\u00e9curit\u00e9, fiabilit\u00e9 et savoir-faire pour tous vos travaux de charpente dans l&rsquo;Ouest de la France (Loire Atlantique, Deux-S\u00e8vres, Maine et Loire, Vend\u00e9e, Vienne, Charente, Charente Maritime). Elle propose ses services pour la r\u00e9novation ou la construction de charpente traditionnelle, de charpente de clocher ou beffroi, de charpente de pavillon et maison individuelle et de maison \u00e0 ossature bois.\u00a0<\/p>\n<figure itemscope itemtype=\"https:\/\/schema.org\/ImageObject\">\n\t\t\t\t<img decoding=\"async\" src=\"http:\/\/www.charpente-pasquereau.fr\/fr\/wp-content\/uploads\/2015\/11\/portail_charpente_pasquereau.jpg\" alt=\"Portail en ch\u00eane \u00e0 La R\u00e9orthe (85)\" title=\"portail-chene\" onerror=\"this.style.display='none'\" loading=\"lazy\" \/>\n\t<\/figure>\n\t<h3>nos chantiers en vid\u00e9o<\/h3>\n\t\t\t\t\t<img decoding=\"async\" src=\"https:\/\/i.vimeocdn.com\/video\/974240930-6c026172714e8306aa9264fb44038912d8cbdf4a1352ba8d15fe40894958375e-d_840?region=us\" alt=\"vimeo-video-thumbnail\"\/>\n\t\t\t\t\t<img decoding=\"async\" src=\"https:\/\/i.vimeocdn.com\/video\/1594528428-82bf27164c64446715d566fdc3634e957e7adebfaf1a717ca4660398c82d108c-d_840?region=us\" alt=\"vimeo-video-thumbnail\"\/>\n\t\t\t<a href=\"https:\/\/vimeo.com\/showcase\/6281945\"  target=\"_blank\" rel=\"noopener\"    rel=\"noopener\">\n\t\t\t\t\t\ttoutes les vid\u00e9os\n\t\t\t\t\t<\/a>\n\n","protected":false},"excerpt":{"rendered":"<p>Depuis plus de 60 ans, l&rsquo;entreprise Pasquereau, d\u00e9ploie ses savoir-faire dans les m\u00e9tiers de la menuiserie, de l&rsquo;\u00e9b\u00e9nisterie, de la charpente. Nous intervenons dans les secteurs de la restauration d&rsquo;\u00e9difices class\u00e9s monuments historique. Mais \u00e9galement dans\u00a0la construction, la r\u00e9novation et l&rsquo;am\u00e9nagement int\u00e9rieur de b\u00e2timents de styles.\u00a0Pour la construction ou la r\u00e9novation de votre habitation individuelle,&hellip;<\/p>\n","protected":false},"author":1,"featured_media":0,"parent":0,"menu_order":0,"comment_status":"closed","ping_status":"closed","template":"","meta":{"footnotes":""},"class_list":["post-2","page","type-page","status-publish","hentry"],"yoast_head":"<!-- This site is optimized with the Yoast SEO plugin v27.4 - https:\/\/yoast.com\/product\/yoast-seo-wordpress\/ -->\n<title>Accueil - Charpentes Pasquereau - Charpentier Menuisier \u00e0 Maul\u00e9on (79)<\/title>\n<meta name=\"robots\" content=\"index, follow, max-snippet:-1, max-image-preview:large, max-video-preview:-1\" \/>\n<link rel=\"canonical\" href=\"https:\/\/www.charpente-pasquereau.fr\/fr\/\" \/>\n<meta property=\"og:locale\" content=\"fr_FR\" \/>\n<meta property=\"og:type\" content=\"article\" \/>\n<meta property=\"og:title\" content=\"Accueil - Charpentes Pasquereau - Charpentier Menuisier \u00e0 Maul\u00e9on (79)\" \/>\n<meta property=\"og:description\" content=\"Depuis plus de 60 ans, l&rsquo;entreprise Pasquereau, d\u00e9ploie ses savoir-faire dans les m\u00e9tiers de la menuiserie, de l&rsquo;\u00e9b\u00e9nisterie, de la charpente. Nous intervenons dans les secteurs de la restauration d&rsquo;\u00e9difices class\u00e9s monuments historique. Mais \u00e9galement dans\u00a0la construction, la r\u00e9novation et l&rsquo;am\u00e9nagement int\u00e9rieur de b\u00e2timents de styles.\u00a0Pour la construction ou la r\u00e9novation de votre habitation individuelle,&hellip;\" \/>\n<meta property=\"og:url\" content=\"https:\/\/www.charpente-pasquereau.fr\/fr\/\" \/>\n<meta property=\"og:site_name\" content=\"Charpentes Pasquereau - Charpentier Menuisier \u00e0 Maul\u00e9on (79)\" \/>\n<meta property=\"article:modified_time\" content=\"2026-04-20T09:22:39+00:00\" \/>\n<meta property=\"og:image\" content=\"http:\/\/www.charpente-pasquereau.fr\/fr\/wp-content\/uploads\/2015\/11\/boisplanche.png\" \/>\n<meta name=\"twitter:card\" content=\"summary_large_image\" \/>\n<meta name=\"twitter:label1\" content=\"Dur\u00e9e de lecture estim\u00e9e\" \/>\n\t<meta name=\"twitter:data1\" content=\"4 minutes\" \/>\n<script type=\"application\/ld+json\" class=\"yoast-schema-graph\">{\"@context\":\"https:\\\/\\\/schema.org\",\"@graph\":[{\"@type\":\"WebPage\",\"@id\":\"https:\\\/\\\/www.charpente-pasquereau.fr\\\/fr\\\/\",\"url\":\"https:\\\/\\\/www.charpente-pasquereau.fr\\\/fr\\\/\",\"name\":\"Accueil - Charpentes Pasquereau - Charpentier Menuisier \u00e0 Maul\u00e9on (79)\",\"isPartOf\":{\"@id\":\"https:\\\/\\\/www.charpente-pasquereau.fr\\\/fr\\\/#website\"},\"primaryImageOfPage\":{\"@id\":\"https:\\\/\\\/www.charpente-pasquereau.fr\\\/fr\\\/#primaryimage\"},\"image\":{\"@id\":\"https:\\\/\\\/www.charpente-pasquereau.fr\\\/fr\\\/#primaryimage\"},\"thumbnailUrl\":\"http:\\\/\\\/www.charpente-pasquereau.fr\\\/fr\\\/wp-content\\\/uploads\\\/2015\\\/11\\\/boisplanche.png\",\"datePublished\":\"2015-11-26T08:58:20+00:00\",\"dateModified\":\"2026-04-20T09:22:39+00:00\",\"breadcrumb\":{\"@id\":\"https:\\\/\\\/www.charpente-pasquereau.fr\\\/fr\\\/#breadcrumb\"},\"inLanguage\":\"fr-FR\",\"potentialAction\":[{\"@type\":\"ReadAction\",\"target\":[\"https:\\\/\\\/www.charpente-pasquereau.fr\\\/fr\\\/\"]}]},{\"@type\":\"ImageObject\",\"inLanguage\":\"fr-FR\",\"@id\":\"https:\\\/\\\/www.charpente-pasquereau.fr\\\/fr\\\/#primaryimage\",\"url\":\"http:\\\/\\\/www.charpente-pasquereau.fr\\\/fr\\\/wp-content\\\/uploads\\\/2015\\\/11\\\/boisplanche.png\",\"contentUrl\":\"http:\\\/\\\/www.charpente-pasquereau.fr\\\/fr\\\/wp-content\\\/uploads\\\/2015\\\/11\\\/boisplanche.png\"},{\"@type\":\"BreadcrumbList\",\"@id\":\"https:\\\/\\\/www.charpente-pasquereau.fr\\\/fr\\\/#breadcrumb\",\"itemListElement\":[{\"@type\":\"ListItem\",\"position\":1,\"name\":\"Accueil\",\"item\":\"https:\\\/\\\/www.charpente-pasquereau.fr\\\/fr\\\/\"},{\"@type\":\"ListItem\",\"position\":2,\"name\":\"Accueil\"}]},{\"@type\":\"WebSite\",\"@id\":\"https:\\\/\\\/www.charpente-pasquereau.fr\\\/fr\\\/#website\",\"url\":\"https:\\\/\\\/www.charpente-pasquereau.fr\\\/fr\\\/\",\"name\":\"Charpentes Pasquereau - Charpentier Menuisier \u00e0 Maul\u00e9on (79)\",\"description\":\"Charpentier menuisier pour le neuf et la r\u00e9novation\",\"publisher\":{\"@id\":\"https:\\\/\\\/www.charpente-pasquereau.fr\\\/fr\\\/#organization\"},\"potentialAction\":[{\"@type\":\"SearchAction\",\"target\":{\"@type\":\"EntryPoint\",\"urlTemplate\":\"https:\\\/\\\/www.charpente-pasquereau.fr\\\/fr\\\/?s={search_term_string}\"},\"query-input\":{\"@type\":\"PropertyValueSpecification\",\"valueRequired\":true,\"valueName\":\"search_term_string\"}}],\"inLanguage\":\"fr-FR\"},{\"@type\":\"Organization\",\"@id\":\"https:\\\/\\\/www.charpente-pasquereau.fr\\\/fr\\\/#organization\",\"name\":\"Charpentes Pasquereau - Charpentier Menuisier \u00e0 Maul\u00e9on (79)\",\"url\":\"https:\\\/\\\/www.charpente-pasquereau.fr\\\/fr\\\/\",\"logo\":{\"@type\":\"ImageObject\",\"inLanguage\":\"fr-FR\",\"@id\":\"https:\\\/\\\/www.charpente-pasquereau.fr\\\/fr\\\/#\\\/schema\\\/logo\\\/image\\\/\",\"url\":\"https:\\\/\\\/www.charpente-pasquereau.fr\\\/fr\\\/wp-content\\\/uploads\\\/2015\\\/11\\\/blanc.png\",\"contentUrl\":\"https:\\\/\\\/www.charpente-pasquereau.fr\\\/fr\\\/wp-content\\\/uploads\\\/2015\\\/11\\\/blanc.png\",\"width\":2510,\"height\":1260,\"caption\":\"Charpentes Pasquereau - Charpentier Menuisier \u00e0 Maul\u00e9on (79)\"},\"image\":{\"@id\":\"https:\\\/\\\/www.charpente-pasquereau.fr\\\/fr\\\/#\\\/schema\\\/logo\\\/image\\\/\"}}]}<\/script>\n<!-- \/ Yoast SEO plugin. -->","yoast_head_json":{"title":"Accueil - Charpentes Pasquereau - Charpentier Menuisier \u00e0 Maul\u00e9on (79)","robots":{"index":"index","follow":"follow","max-snippet":"max-snippet:-1","max-image-preview":"max-image-preview:large","max-video-preview":"max-video-preview:-1"},"canonical":"https:\/\/www.charpente-pasquereau.fr\/fr\/","og_locale":"fr_FR","og_type":"article","og_title":"Accueil - Charpentes Pasquereau - Charpentier Menuisier \u00e0 Maul\u00e9on (79)","og_description":"Depuis plus de 60 ans, l&rsquo;entreprise Pasquereau, d\u00e9ploie ses savoir-faire dans les m\u00e9tiers de la menuiserie, de l&rsquo;\u00e9b\u00e9nisterie, de la charpente. Nous intervenons dans les secteurs de la restauration d&rsquo;\u00e9difices class\u00e9s monuments historique. Mais \u00e9galement dans\u00a0la construction, la r\u00e9novation et l&rsquo;am\u00e9nagement int\u00e9rieur de b\u00e2timents de styles.\u00a0Pour la construction ou la r\u00e9novation de votre habitation individuelle,&hellip;","og_url":"https:\/\/www.charpente-pasquereau.fr\/fr\/","og_site_name":"Charpentes Pasquereau - Charpentier Menuisier \u00e0 Maul\u00e9on (79)","article_modified_time":"2026-04-20T09:22:39+00:00","og_image":[{"url":"http:\/\/www.charpente-pasquereau.fr\/fr\/wp-content\/uploads\/2015\/11\/boisplanche.png","type":"","width":"","height":""}],"twitter_card":"summary_large_image","twitter_misc":{"Dur\u00e9e de lecture estim\u00e9e":"4 minutes"},"schema":{"@context":"https:\/\/schema.org","@graph":[{"@type":"WebPage","@id":"https:\/\/www.charpente-pasquereau.fr\/fr\/","url":"https:\/\/www.charpente-pasquereau.fr\/fr\/","name":"Accueil - Charpentes Pasquereau - Charpentier Menuisier \u00e0 Maul\u00e9on (79)","isPartOf":{"@id":"https:\/\/www.charpente-pasquereau.fr\/fr\/#website"},"primaryImageOfPage":{"@id":"https:\/\/www.charpente-pasquereau.fr\/fr\/#primaryimage"},"image":{"@id":"https:\/\/www.charpente-pasquereau.fr\/fr\/#primaryimage"},"thumbnailUrl":"http:\/\/www.charpente-pasquereau.fr\/fr\/wp-content\/uploads\/2015\/11\/boisplanche.png","datePublished":"2015-11-26T08:58:20+00:00","dateModified":"2026-04-20T09:22:39+00:00","breadcrumb":{"@id":"https:\/\/www.charpente-pasquereau.fr\/fr\/#breadcrumb"},"inLanguage":"fr-FR","potentialAction":[{"@type":"ReadAction","target":["https:\/\/www.charpente-pasquereau.fr\/fr\/"]}]},{"@type":"ImageObject","inLanguage":"fr-FR","@id":"https:\/\/www.charpente-pasquereau.fr\/fr\/#primaryimage","url":"http:\/\/www.charpente-pasquereau.fr\/fr\/wp-content\/uploads\/2015\/11\/boisplanche.png","contentUrl":"http:\/\/www.charpente-pasquereau.fr\/fr\/wp-content\/uploads\/2015\/11\/boisplanche.png"},{"@type":"BreadcrumbList","@id":"https:\/\/www.charpente-pasquereau.fr\/fr\/#breadcrumb","itemListElement":[{"@type":"ListItem","position":1,"name":"Accueil","item":"https:\/\/www.charpente-pasquereau.fr\/fr\/"},{"@type":"ListItem","position":2,"name":"Accueil"}]},{"@type":"WebSite","@id":"https:\/\/www.charpente-pasquereau.fr\/fr\/#website","url":"https:\/\/www.charpente-pasquereau.fr\/fr\/","name":"Charpentes Pasquereau - Charpentier Menuisier \u00e0 Maul\u00e9on (79)","description":"Charpentier menuisier pour le neuf et la r\u00e9novation","publisher":{"@id":"https:\/\/www.charpente-pasquereau.fr\/fr\/#organization"},"potentialAction":[{"@type":"SearchAction","target":{"@type":"EntryPoint","urlTemplate":"https:\/\/www.charpente-pasquereau.fr\/fr\/?s={search_term_string}"},"query-input":{"@type":"PropertyValueSpecification","valueRequired":true,"valueName":"search_term_string"}}],"inLanguage":"fr-FR"},{"@type":"Organization","@id":"https:\/\/www.charpente-pasquereau.fr\/fr\/#organization","name":"Charpentes Pasquereau - Charpentier Menuisier \u00e0 Maul\u00e9on (79)","url":"https:\/\/www.charpente-pasquereau.fr\/fr\/","logo":{"@type":"ImageObject","inLanguage":"fr-FR","@id":"https:\/\/www.charpente-pasquereau.fr\/fr\/#\/schema\/logo\/image\/","url":"https:\/\/www.charpente-pasquereau.fr\/fr\/wp-content\/uploads\/2015\/11\/blanc.png","contentUrl":"https:\/\/www.charpente-pasquereau.fr\/fr\/wp-content\/uploads\/2015\/11\/blanc.png","width":2510,"height":1260,"caption":"Charpentes Pasquereau - Charpentier Menuisier \u00e0 Maul\u00e9on (79)"},"image":{"@id":"https:\/\/www.charpente-pasquereau.fr\/fr\/#\/schema\/logo\/image\/"}}]}},"_links":{"self":[{"href":"https:\/\/www.charpente-pasquereau.fr\/fr\/wp-json\/wp\/v2\/pages\/2","targetHints":{"allow":["GET"]}}],"collection":[{"href":"https:\/\/www.charpente-pasquereau.fr\/fr\/wp-json\/wp\/v2\/pages"}],"about":[{"href":"https:\/\/www.charpente-pasquereau.fr\/fr\/wp-json\/wp\/v2\/types\/page"}],"author":[{"embeddable":true,"href":"https:\/\/www.charpente-pasquereau.fr\/fr\/wp-json\/wp\/v2\/users\/1"}],"replies":[{"embeddable":true,"href":"https:\/\/www.charpente-pasquereau.fr\/fr\/wp-json\/wp\/v2\/comments?post=2"}],"version-history":[{"count":12,"href":"https:\/\/www.charpente-pasquereau.fr\/fr\/wp-json\/wp\/v2\/pages\/2\/revisions"}],"predecessor-version":[{"id":2367,"href":"https:\/\/www.charpente-pasquereau.fr\/fr\/wp-json\/wp\/v2\/pages\/2\/revisions\/2367"}],"wp:attachment":[{"href":"https:\/\/www.charpente-pasquereau.fr\/fr\/wp-json\/wp\/v2\/media?parent=2"}],"curies":[{"name":"wp","href":"https:\/\/api.w.org\/{rel}","templated":true}]}}